{"id":188,"date":"2017-07-28T10:18:24","date_gmt":"2017-07-28T08:18:24","guid":{"rendered":"http:\/\/fourriere-intercommunale.com\/?page_id=188"},"modified":"2021-11-25T14:37:18","modified_gmt":"2021-11-25T13:37:18","slug":"informaciones-practicas","status":"publish","type":"page","link":"https:\/\/fourriere-intercommunale.com\/index.php\/es\/informaciones-practicas\/","title":{"rendered":"Informaciones pr\u00e1cticas"},"content":{"rendered":"<p>[vc_row][vc_column][vc_empty_space height=\u00a0\u00bb50px\u00a0\u00bb][vc_tta_accordion][vc_tta_section title=\u00a0\u00bb\u00bfEn cuyo caso mi veh\u00edculo puede terminar al deposito?\u00a0\u00bb tab_id=\u00a0\u00bb1500995975986-4d409b14-4e59&Prime;][vc_column_text]Su veh\u00edculo puede terminar en al deposito para un aparcamiento:<\/p>\n<p>embarazoso<br \/>\nabusivo<br \/>\npeligroso[\/vc_column_text][\/vc_tta_section][vc_tta_section title=\u00a0\u00bb\u00bfQui\u00e9n puede proceder a la eliminaci\u00f3n de mi veh\u00edculo?\u00a0\u00bb tab_id=\u00a0\u00bb1500995975987-a0033c3b-8416&Prime;][vc_column_text]La polic\u00eda nacional y municipal, la polic\u00eda o el Alcalde.[\/vc_column_text][\/vc_tta_section][vc_tta_section title=\u00a0\u00bb\u00bfC\u00f3mo puedo recuperar mi veh\u00edculo?\u00a0\u00bb tab_id=\u00a0\u00bb1500996063142-63e0a151-d91a\u00a0\u00bb][vc_column_text]En primer lugar debe ir a la autoridad solicitante para procesar al quitado con los siguientes documentos:<\/p>\n<p>carte grise con el control t\u00e9cnico v\u00e1lida,<br \/>\nseguro v\u00e1lido,<br \/>\npermiso de conducir,<br \/>\nconseguir una \u00ab\u00a0main lev\u00e9e\u00a0\u00bb. Luego hay que llegar al parque con esta \u00ab\u00a0main lev\u00e9e\u00a0\u00bb permitiendo que volvamos su veh\u00edculo, contra pago de las tasas.[\/vc_column_text][\/vc_tta_section][vc_tta_section title=\u00a0\u00bb\u00bfC\u00f3mo se pasa si llego antes o durante la retirada?\u00a0\u00bb tab_id=\u00a0\u00bb1500996071736-c136d7f7-a7ce\u00a0\u00bb][vc_column_text]Si llega cuando la compa\u00f1\u00eda de remolque est\u00e1 a punto de retirar su veh\u00edculo y s\u00f3lo dos ruedas fueron levantadas, entonces el veh\u00edculo no se tomar\u00e1 al deposito pero ser\u00e1, sin embargo, que pagar los costes de la eliminaci\u00f3n en el sitio. Usted debe pagar el importe de la protuberancia de almendras que recibir\u00e1 despu\u00e9s.[\/vc_column_text][\/vc_tta_section][vc_tta_section title=\u00a0\u00bb\u00bfQu\u00e9 suceder\u00e1 si no recibo mi coche dentro de 3 d\u00edas?\u00a0\u00bb tab_id=\u00a0\u00bb1500996070562-8ed6d646-b41d\u00a0\u00bb][vc_column_text]El veh\u00edculo as examinado bajo petici\u00f3n de la autoridad solicitante, despu\u00e9s de la identificaci\u00f3n del propietario del veh\u00edculo. Este \u00faltimo se clasifica por un experto independiente de la automoci\u00f3n como su valor. De acuerdo con la categor\u00eda de calificaci\u00f3n, el propietario tiene 10 a 30 d\u00edas, de acuerdo con el art\u00edculo L325-7 del c\u00f3digo de la carretera para recuperar su veh\u00edculo despu\u00e9s de recibir el aviso de quitado enviada por la autoridad territorial competente en la carte grise. Si el veh\u00edculo no es identificable, este per\u00edodo comienza a partir del d\u00eda de la experiencia.[\/vc_column_text][\/vc_tta_section][vc_tta_section title=\u00a0\u00bb\u00bfCu\u00e1nto es el costo de quitado?\u00a0\u00bb tab_id=\u00a0\u00bb1500996068815-7ff9aa54-73a0&Prime;][vc_column_text]Debe les pagar, adem\u00e1s de la protuberancia de almendras para recuperar el veh\u00edculo:<\/p>\n<p>gastos de traslado: 121,27 \u20ac (150 \u20ac y 126 \u20ac en Par\u00eds a Marsella, Lyon y Toulouse);<br \/>\ngastos de guarder\u00eda: 6,42 \u20ac (29 \u20ac y 10 \u20ac en Par\u00eds a Marsella, Lyon y Toulouse);[\/vc_column_text][\/vc_tta_section][vc_tta_section title=\u00a0\u00bb\u00bfY si quiero recuperar un veh\u00edculo y no soy el propietario?\u00a0\u00bb tab_id=\u00a0\u00bb1500996067481-78d1d643-8f01&Prime;][vc_column_text]Debe presentar:<\/p>\n<p>un poder escrito y firmado de representaci\u00f3n de la mano del propietario<br \/>\nsu tarjeta de identidad<br \/>\nsu licencia de conducir<br \/>\nel coche-libro de registro<br \/>\nel certificado de seguro v\u00e1lido.[\/vc_column_text][\/vc_tta_section][vc_tta_section title=\u00a0\u00bb\u00bfC\u00f3mo pagar las cuotas?\u00a0\u00bb tab_id=\u00a0\u00bb1500996066528-3fd5e5f3-510c\u00a0\u00bb][vc_column_text]Se puede pagar con tarjeta de cr\u00e9dito en efectivo.[\/vc_column_text][\/vc_tta_section][vc_tta_section title=\u00a0\u00bb\u00bfD\u00f3nde ir si no puedo encontrar mi coche?\u00a0\u00bb tab_id=\u00a0\u00bb1500996065476-87310f13-0638&Prime;][vc_column_text]En la polic\u00eda municipal del municipio del lugar de extracci\u00f3n.[\/vc_column_text][\/vc_tta_section][vc_tta_section title=\u00a0\u00bb\u00bfMi veh\u00edculo se lleve al deposito si no pago una tarifa de estacionamiento?\u00a0\u00bb tab_id=\u00a0\u00bb1500996365749-a3e587cc-ae5a\u00a0\u00bb][vc_column_text]No, su veh\u00edculo no se puede colocar en al deposito por falta de pago de la multa de aparcamiento obligatoria.[\/vc_column_text][\/vc_tta_section][vc_tta_section title=\u00a0\u00bb\u00bfQu\u00e9 pasar\u00e1 si hago obst\u00e1culo para el quitado?\u00a0\u00bb tab_id=\u00a0\u00bb1500996368048-4de56166-e51a\u00a0\u00bb][vc_column_text]Puede ser castigado a los 3 meses de prisi\u00f3n y una multa de 3.750 \u20ac[\/vc_column_text][\/vc_tta_section][vc_tta_section title=\u00a0\u00bb\u00bfQu\u00e9 pasar\u00e1 si no tengo nada de mi veh\u00edculo?\u00a0\u00bb tab_id=\u00a0\u00bb1500996439669-0ede362b-9d2f\u00a0\u00bb][vc_column_text]De acuerdo con el resultado de la experiencia, que pueda ser entregado a la zona que va a tratar de poner a la venta por subasta o destrucci\u00f3n. O puede saltar directamente a la destrucci\u00f3n.[\/vc_column_text][\/vc_tta_section][vc_tta_section title=\u00a0\u00bb\u00bfQue debo hacer si noto una degradaci\u00f3n?\u00a0\u00bb tab_id=\u00a0\u00bb1500996443383-c69c6866-b44d\u00a0\u00bb][vc_column_text]Si usted nota un deterioro de su veh\u00edculo durante la retirada, se debe informar, antes de salir del parque, el servicio libra. La polic\u00eda hacen una requisici\u00f3n con un estado descriptivo antes del quitado del veh\u00edculo.[\/vc_column_text][\/vc_tta_section][vc_tta_section title=\u00a0\u00bb\u00bfC\u00f3mo impugnar el quitado?\u00a0\u00bb tab_id=\u00a0\u00bb1500996441791-ac5febf2-8119&Prime;][vc_column_text]Tras la recepci\u00f3n de las actas de infracci\u00f3n, se observa la direcci\u00f3n donde enviar su protesta por correo. Debe ponerse en contacto con el fiscal de distrito afiliado a la corte de distrito del lugar de extracci\u00f3n.[\/vc_column_text][\/vc_tta_section][\/vc_tta_accordion][\/vc_column][\/vc_row]<\/p>\n","protected":false},"excerpt":{"rendered":"<p>[vc_row][vc_column][vc_empty_space height=\u00a0\u00bb50px\u00a0\u00bb][vc_tta_accordion][vc_tta_section title=\u00a0\u00bb\u00bfEn cuyo caso mi veh\u00edculo puede terminar al deposito?\u00a0\u00bb tab_id=\u00a0\u00bb1500995975986-4d409b14-4e59&Prime;][vc_column_text]Su veh\u00edculo puede terminar en al deposito para un aparcamiento: embarazoso abusivo peligroso[\/vc_column_text][\/vc_tta_section][vc_tta_section title=\u00a0\u00bb\u00bfQui\u00e9n puede proceder a la eliminaci\u00f3n de mi veh\u00edculo?\u00a0\u00bb tab_id=\u00a0\u00bb1500995975987-a0033c3b-8416&Prime;][vc_column_text]La polic\u00eda nacional y municipal, la polic\u00eda o el Alcalde.[\/vc_column_text][\/vc_tta_section][vc_tta_section title=\u00a0\u00bb\u00bfC\u00f3mo puedo recuperar mi veh\u00edculo?\u00a0\u00bb tab_id=\u00a0\u00bb1500996063142-63e0a151-d91a\u00a0\u00bb][vc_column_text]En primer lugar debe ir a la&hellip;<\/p>\n","protected":false},"author":4,"featured_media":0,"parent":0,"menu_order":0,"comment_status":"closed","ping_status":"closed","template":"","meta":[],"class_list":["post-188","page","type-page","status-publish","hentry","description-off"],"acf":[],"yoast_head":"<!-- This site is optimized with the Yoast SEO plugin v21.9.1 - https:\/\/yoast.com\/wordpress\/plugins\/seo\/ -->\n<title>Informaciones pr\u00e1cticas | Fourri\u00e8re Intercommunale<\/title>\n<meta name=\"robots\" content=\"index, follow, max-snippet:-1, max-image-preview:large, max-video-preview:-1\" \/>\n<link rel=\"canonical\" href=\"https:\/\/fourriere-intercommunale.com\/index.php\/es\/informaciones-practicas\/\" \/>\n<meta property=\"og:locale\" content=\"fr_FR\" \/>\n<meta property=\"og:type\" content=\"article\" \/>\n<meta property=\"og:title\" content=\"Informaciones pr\u00e1cticas | Fourri\u00e8re Intercommunale\" \/>\n<meta property=\"og:description\" content=\"[vc_row][vc_column][vc_empty_space height=\u00a0\u00bb50px\u00a0\u00bb][vc_tta_accordion][vc_tta_section title=\u00a0\u00bb\u00bfEn cuyo caso mi veh\u00edculo puede terminar al deposito?\u00a0\u00bb tab_id=\u00a0\u00bb1500995975986-4d409b14-4e59&Prime;][vc_column_text]Su veh\u00edculo puede terminar en al deposito para un aparcamiento: embarazoso abusivo peligroso[\/vc_column_text][\/vc_tta_section][vc_tta_section title=\u00a0\u00bb\u00bfQui\u00e9n puede proceder a la eliminaci\u00f3n de mi veh\u00edculo?\u00a0\u00bb tab_id=\u00a0\u00bb1500995975987-a0033c3b-8416&Prime;][vc_column_text]La polic\u00eda nacional y municipal, la polic\u00eda o el Alcalde.[\/vc_column_text][\/vc_tta_section][vc_tta_section title=\u00a0\u00bb\u00bfC\u00f3mo puedo recuperar mi veh\u00edculo?\u00a0\u00bb tab_id=\u00a0\u00bb1500996063142-63e0a151-d91a\u00a0\u00bb][vc_column_text]En primer lugar debe ir a la&hellip;\" \/>\n<meta property=\"og:url\" content=\"https:\/\/fourriere-intercommunale.com\/index.php\/es\/informaciones-practicas\/\" \/>\n<meta property=\"og:site_name\" content=\"Fourri\u00e8re Intercommunale\" \/>\n<meta property=\"article:modified_time\" content=\"2021-11-25T13:37:18+00:00\" \/>\n<meta name=\"twitter:card\" content=\"summary_large_image\" \/>\n<meta name=\"twitter:label1\" content=\"Dur\u00e9e de lecture estim\u00e9e\" \/>\n\t<meta name=\"twitter:data1\" content=\"5 minutes\" \/>\n<script type=\"application\/ld+json\" class=\"yoast-schema-graph\">{\"@context\":\"https:\/\/schema.org\",\"@graph\":[{\"@type\":\"WebPage\",\"@id\":\"https:\/\/fourriere-intercommunale.com\/index.php\/es\/informaciones-practicas\/\",\"url\":\"https:\/\/fourriere-intercommunale.com\/index.php\/es\/informaciones-practicas\/\",\"name\":\"Informaciones pr\u00e1cticas | Fourri\u00e8re Intercommunale\",\"isPartOf\":{\"@id\":\"https:\/\/fourriere-intercommunale.com\/#website\"},\"datePublished\":\"2017-07-28T08:18:24+00:00\",\"dateModified\":\"2021-11-25T13:37:18+00:00\",\"breadcrumb\":{\"@id\":\"https:\/\/fourriere-intercommunale.com\/index.php\/es\/informaciones-practicas\/#breadcrumb\"},\"inLanguage\":\"fr-FR\",\"potentialAction\":[{\"@type\":\"ReadAction\",\"target\":[\"https:\/\/fourriere-intercommunale.com\/index.php\/es\/informaciones-practicas\/\"]}]},{\"@type\":\"BreadcrumbList\",\"@id\":\"https:\/\/fourriere-intercommunale.com\/index.php\/es\/informaciones-practicas\/#breadcrumb\",\"itemListElement\":[{\"@type\":\"ListItem\",\"position\":1,\"name\":\"Accueil\",\"item\":\"https:\/\/fourriere-intercommunale.com\/\"},{\"@type\":\"ListItem\",\"position\":2,\"name\":\"Informaciones pr\u00e1cticas\"}]},{\"@type\":\"WebSite\",\"@id\":\"https:\/\/fourriere-intercommunale.com\/#website\",\"url\":\"https:\/\/fourriere-intercommunale.com\/\",\"name\":\"Fourri\u00e8re Intercommunale\",\"description\":\"Infos et Contact Fourri\u00e8res\",\"potentialAction\":[{\"@type\":\"SearchAction\",\"target\":{\"@type\":\"EntryPoint\",\"urlTemplate\":\"https:\/\/fourriere-intercommunale.com\/?s={search_term_string}\"},\"query-input\":\"required name=search_term_string\"}],\"inLanguage\":\"fr-FR\"}]}<\/script>\n<!-- \/ Yoast SEO plugin. -->","yoast_head_json":{"title":"Informaciones pr\u00e1cticas | Fourri\u00e8re Intercommunale","robots":{"index":"index","follow":"follow","max-snippet":"max-snippet:-1","max-image-preview":"max-image-preview:large","max-video-preview":"max-video-preview:-1"},"canonical":"https:\/\/fourriere-intercommunale.com\/index.php\/es\/informaciones-practicas\/","og_locale":"fr_FR","og_type":"article","og_title":"Informaciones pr\u00e1cticas | Fourri\u00e8re Intercommunale","og_description":"[vc_row][vc_column][vc_empty_space height=\u00a0\u00bb50px\u00a0\u00bb][vc_tta_accordion][vc_tta_section title=\u00a0\u00bb\u00bfEn cuyo caso mi veh\u00edculo puede terminar al deposito?\u00a0\u00bb tab_id=\u00a0\u00bb1500995975986-4d409b14-4e59&Prime;][vc_column_text]Su veh\u00edculo puede terminar en al deposito para un aparcamiento: embarazoso abusivo peligroso[\/vc_column_text][\/vc_tta_section][vc_tta_section title=\u00a0\u00bb\u00bfQui\u00e9n puede proceder a la eliminaci\u00f3n de mi veh\u00edculo?\u00a0\u00bb tab_id=\u00a0\u00bb1500995975987-a0033c3b-8416&Prime;][vc_column_text]La polic\u00eda nacional y municipal, la polic\u00eda o el Alcalde.[\/vc_column_text][\/vc_tta_section][vc_tta_section title=\u00a0\u00bb\u00bfC\u00f3mo puedo recuperar mi veh\u00edculo?\u00a0\u00bb tab_id=\u00a0\u00bb1500996063142-63e0a151-d91a\u00a0\u00bb][vc_column_text]En primer lugar debe ir a la&hellip;","og_url":"https:\/\/fourriere-intercommunale.com\/index.php\/es\/informaciones-practicas\/","og_site_name":"Fourri\u00e8re Intercommunale","article_modified_time":"2021-11-25T13:37:18+00:00","twitter_card":"summary_large_image","twitter_misc":{"Dur\u00e9e de lecture estim\u00e9e":"5 minutes"},"schema":{"@context":"https:\/\/schema.org","@graph":[{"@type":"WebPage","@id":"https:\/\/fourriere-intercommunale.com\/index.php\/es\/informaciones-practicas\/","url":"https:\/\/fourriere-intercommunale.com\/index.php\/es\/informaciones-practicas\/","name":"Informaciones pr\u00e1cticas | Fourri\u00e8re Intercommunale","isPartOf":{"@id":"https:\/\/fourriere-intercommunale.com\/#website"},"datePublished":"2017-07-28T08:18:24+00:00","dateModified":"2021-11-25T13:37:18+00:00","breadcrumb":{"@id":"https:\/\/fourriere-intercommunale.com\/index.php\/es\/informaciones-practicas\/#breadcrumb"},"inLanguage":"fr-FR","potentialAction":[{"@type":"ReadAction","target":["https:\/\/fourriere-intercommunale.com\/index.php\/es\/informaciones-practicas\/"]}]},{"@type":"BreadcrumbList","@id":"https:\/\/fourriere-intercommunale.com\/index.php\/es\/informaciones-practicas\/#breadcrumb","itemListElement":[{"@type":"ListItem","position":1,"name":"Accueil","item":"https:\/\/fourriere-intercommunale.com\/"},{"@type":"ListItem","position":2,"name":"Informaciones pr\u00e1cticas"}]},{"@type":"WebSite","@id":"https:\/\/fourriere-intercommunale.com\/#website","url":"https:\/\/fourriere-intercommunale.com\/","name":"Fourri\u00e8re Intercommunale","description":"Infos et Contact Fourri\u00e8res","potentialAction":[{"@type":"SearchAction","target":{"@type":"EntryPoint","urlTemplate":"https:\/\/fourriere-intercommunale.com\/?s={search_term_string}"},"query-input":"required name=search_term_string"}],"inLanguage":"fr-FR"}]}},"_links":{"self":[{"href":"https:\/\/fourriere-intercommunale.com\/index.php\/wp-json\/wp\/v2\/pages\/188","targetHints":{"allow":["GET"]}}],"collection":[{"href":"https:\/\/fourriere-intercommunale.com\/index.php\/wp-json\/wp\/v2\/pages"}],"about":[{"href":"https:\/\/fourriere-intercommunale.com\/index.php\/wp-json\/wp\/v2\/types\/page"}],"author":[{"embeddable":true,"href":"https:\/\/fourriere-intercommunale.com\/index.php\/wp-json\/wp\/v2\/users\/4"}],"replies":[{"embeddable":true,"href":"https:\/\/fourriere-intercommunale.com\/index.php\/wp-json\/wp\/v2\/comments?post=188"}],"version-history":[{"count":15,"href":"https:\/\/fourriere-intercommunale.com\/index.php\/wp-json\/wp\/v2\/pages\/188\/revisions"}],"predecessor-version":[{"id":447,"href":"https:\/\/fourriere-intercommunale.com\/index.php\/wp-json\/wp\/v2\/pages\/188\/revisions\/447"}],"wp:attachment":[{"href":"https:\/\/fourriere-intercommunale.com\/index.php\/wp-json\/wp\/v2\/media?parent=188"}],"curies":[{"name":"wp","href":"https:\/\/api.w.org\/{rel}","templated":true}]}}